{"id":10880,"date":"2024-08-07T14:00:20","date_gmt":"2024-08-07T18:00:20","guid":{"rendered":"https:\/\/www.prima.ca\/evenement\/rendez-vous-des-ecomateriaux-9e-edition\/"},"modified":"2024-08-07T14:00:20","modified_gmt":"2024-08-07T18:00:20","slug":"rendez-vous-des-ecomateriaux-9e-edition","status":"publish","type":"tribe_events","link":"https:\/\/demo.prima.ca\/en\/evenement\/rendez-vous-des-ecomateriaux-9e-edition\/","title":{"rendered":"Rendez-vous des \u00e9comat\u00e9riaux &#8211; 9e \u00e9dition"},"content":{"rendered":"<p>Ce colloque est une occasion unique d&#8217;\u00e9changer sur les pratiques et les innovations en mati\u00e8re de construction durable et d&#8217;\u00e9comat\u00e9riaux.<\/p>\n<p>Durant deux jours, rejoignez ou retrouvez une communaut\u00e9 passionn\u00e9e et passionnante. Rendez-vous incontournable des professionnels de la construction durable, ce colloque immersif de deux jours vous permettra d\u2019\u00e9changer avec les acteurs cl\u00e9s du secteur, d\u2019\u00e9tendre votre r\u00e9seau d\u2019affaires et de vous informer sur les derni\u00e8res innovations en mati\u00e8re d\u2019\u00e9comat\u00e9riaux.<\/p>\n<a href='https:\/\/rendezvousdesecomateriaux.com\/' class='small-button smallblue' target=\"_blank\">Information<\/a>\n<a href='https:\/\/rendezvousdesecomateriaux.com\/inscription\/' class='small-button smallgreen' target=\"_blank\">Inscription<\/a>\n","protected":false},"excerpt":{"rendered":"<p>Ce colloque est une occasion unique d&#8217;\u00e9changer sur les pratiques et les innovations en mati\u00e8re de construction durable et d&#8217;\u00e9comat\u00e9riaux. Durant deux jours, rejoignez ou retrouvez une communaut\u00e9 passionn\u00e9e et [&hellip;]<\/p>\n","protected":false},"author":219,"featured_media":10689,"template":"","meta":{"_et_pb_use_builder":"","_et_pb_old_content":"","_et_gb_content_width":"","_tribe_events_status":"","_tribe_events_status_reason":"","footnotes":""},"tags":[],"tribe_events_cat":[],"class_list":["post-10880","tribe_events","type-tribe_events","status-publish","has-post-thumbnail","hentry"],"acf":[],"yoast_head":"<!-- This site is optimized with the Yoast SEO plugin v27.1.1 - https:\/\/yoast.com\/product\/yoast-seo-wordpress\/ -->\n<title>Rendez-vous des \u00e9comat\u00e9riaux - 9e \u00e9dition | PRIMA Qu\u00e9bec<\/title>\n<meta name=\"robots\" content=\"noindex, follow, max-snippet:-1, max-image-preview:large, max-video-preview:-1\" \/>\n<meta property=\"og:locale\" content=\"en_US\" \/>\n<meta property=\"og:type\" content=\"article\" \/>\n<meta property=\"og:title\" content=\"Rendez-vous des \u00e9comat\u00e9riaux - 9e \u00e9dition | PRIMA Qu\u00e9bec\" \/>\n<meta property=\"og:description\" content=\"Ce colloque est une occasion unique d&#8217;\u00e9changer sur les pratiques et les innovations en mati\u00e8re de construction durable et d&#8217;\u00e9comat\u00e9riaux. Durant deux jours, rejoignez ou retrouvez une communaut\u00e9 passionn\u00e9e et [&hellip;]\" \/>\n<meta property=\"og:url\" content=\"https:\/\/demo.prima.ca\/en\/evenement\/rendez-vous-des-ecomateriaux-9e-edition\/\" \/>\n<meta property=\"og:site_name\" content=\"PRIMA Qu\u00e9bec\" \/>\n<meta property=\"og:image\" content=\"https:\/\/demo.prima.ca\/wp-content\/uploads\/2020\/04\/prima-preview-site.jpg\" \/>\n\t<meta property=\"og:image:width\" content=\"1200\" \/>\n\t<meta property=\"og:image:height\" content=\"630\" \/>\n\t<meta property=\"og:image:type\" content=\"image\/jpeg\" \/>\n<meta name=\"twitter:card\" content=\"summary_large_image\" \/>\n<meta name=\"twitter:site\" content=\"@primaquebec\" \/>\n<meta name=\"twitter:label1\" content=\"Est. reading time\" \/>\n\t<meta name=\"twitter:data1\" content=\"1 minute\" \/>\n<script type=\"application\/ld+json\" class=\"yoast-schema-graph\">{\"@context\":\"https:\/\/schema.org\",\"@graph\":[{\"@type\":\"WebPage\",\"@id\":\"https:\/\/demo.prima.ca\/en\/evenement\/rendez-vous-des-ecomateriaux-9e-edition\/\",\"url\":\"https:\/\/demo.prima.ca\/en\/evenement\/rendez-vous-des-ecomateriaux-9e-edition\/\",\"name\":\"Rendez-vous des \u00e9comat\u00e9riaux - 9e \u00e9dition | PRIMA Qu\u00e9bec\",\"isPartOf\":{\"@id\":\"https:\/\/demo.prima.ca\/en\/#website\"},\"primaryImageOfPage\":{\"@id\":\"https:\/\/demo.prima.ca\/en\/evenement\/rendez-vous-des-ecomateriaux-9e-edition\/#primaryimage\"},\"image\":{\"@id\":\"https:\/\/demo.prima.ca\/en\/evenement\/rendez-vous-des-ecomateriaux-9e-edition\/#primaryimage\"},\"thumbnailUrl\":\"https:\/\/demo.prima.ca\/wp-content\/uploads\/2024\/08\/rv-ecomateriaux.jpg\",\"datePublished\":\"2024-08-07T18:00:20+00:00\",\"breadcrumb\":{\"@id\":\"https:\/\/demo.prima.ca\/en\/evenement\/rendez-vous-des-ecomateriaux-9e-edition\/#breadcrumb\"},\"inLanguage\":\"en-US\",\"potentialAction\":[{\"@type\":\"ReadAction\",\"target\":[\"https:\/\/demo.prima.ca\/en\/evenement\/rendez-vous-des-ecomateriaux-9e-edition\/\"]}]},{\"@type\":\"ImageObject\",\"inLanguage\":\"en-US\",\"@id\":\"https:\/\/demo.prima.ca\/en\/evenement\/rendez-vous-des-ecomateriaux-9e-edition\/#primaryimage\",\"url\":\"https:\/\/demo.prima.ca\/wp-content\/uploads\/2024\/08\/rv-ecomateriaux.jpg\",\"contentUrl\":\"https:\/\/demo.prima.ca\/wp-content\/uploads\/2024\/08\/rv-ecomateriaux.jpg\",\"width\":1174,\"height\":587},{\"@type\":\"BreadcrumbList\",\"@id\":\"https:\/\/demo.prima.ca\/en\/evenement\/rendez-vous-des-ecomateriaux-9e-edition\/#breadcrumb\",\"itemListElement\":[{\"@type\":\"ListItem\",\"position\":1,\"name\":\"Accueil\",\"item\":\"https:\/\/demo.prima.ca\/en\/\"},{\"@type\":\"ListItem\",\"position\":2,\"name\":\"Events\",\"item\":\"https:\/\/demo.prima.ca\/en\/evenements\/\"},{\"@type\":\"ListItem\",\"position\":3,\"name\":\"Rendez-vous des \u00e9comat\u00e9riaux &#8211; 9e \u00e9dition\"}]},{\"@type\":\"WebSite\",\"@id\":\"https:\/\/demo.prima.ca\/en\/#website\",\"url\":\"https:\/\/demo.prima.ca\/en\/\",\"name\":\"PRIMA Qu\u00e9bec\",\"description\":\"Advanced Materials Moving Forward\",\"publisher\":{\"@id\":\"https:\/\/demo.prima.ca\/en\/#organization\"},\"potentialAction\":[{\"@type\":\"SearchAction\",\"target\":{\"@type\":\"EntryPoint\",\"urlTemplate\":\"https:\/\/demo.prima.ca\/en\/?s={search_term_string}\"},\"query-input\":{\"@type\":\"PropertyValueSpecification\",\"valueRequired\":true,\"valueName\":\"search_term_string\"}}],\"inLanguage\":\"en-US\"},{\"@type\":\"Organization\",\"@id\":\"https:\/\/demo.prima.ca\/en\/#organization\",\"name\":\"PRIMA Qu\u00e9bec\",\"url\":\"https:\/\/demo.prima.ca\/en\/\",\"logo\":{\"@type\":\"ImageObject\",\"inLanguage\":\"en-US\",\"@id\":\"https:\/\/demo.prima.ca\/en\/#\/schema\/logo\/image\/\",\"url\":\"https:\/\/demo.prima.ca\/wp-content\/uploads\/2020\/03\/logo-prima-large-fr.png\",\"contentUrl\":\"https:\/\/demo.prima.ca\/wp-content\/uploads\/2020\/03\/logo-prima-large-fr.png\",\"width\":1200,\"height\":357,\"caption\":\"PRIMA Qu\u00e9bec\"},\"image\":{\"@id\":\"https:\/\/demo.prima.ca\/en\/#\/schema\/logo\/image\/\"},\"sameAs\":[\"https:\/\/x.com\/primaquebec\",\"https:\/\/www.linkedin.com\/company\/prima-quebec\/\"]}]}<\/script>\n<!-- \/ Yoast SEO plugin. -->","yoast_head_json":{"title":"Rendez-vous des \u00e9comat\u00e9riaux - 9e \u00e9dition | PRIMA Qu\u00e9bec","robots":{"index":"noindex","follow":"follow","max-snippet":"max-snippet:-1","max-image-preview":"max-image-preview:large","max-video-preview":"max-video-preview:-1"},"og_locale":"en_US","og_type":"article","og_title":"Rendez-vous des \u00e9comat\u00e9riaux - 9e \u00e9dition | PRIMA Qu\u00e9bec","og_description":"Ce colloque est une occasion unique d&#8217;\u00e9changer sur les pratiques et les innovations en mati\u00e8re de construction durable et d&#8217;\u00e9comat\u00e9riaux. Durant deux jours, rejoignez ou retrouvez une communaut\u00e9 passionn\u00e9e et [&hellip;]","og_url":"https:\/\/demo.prima.ca\/en\/evenement\/rendez-vous-des-ecomateriaux-9e-edition\/","og_site_name":"PRIMA Qu\u00e9bec","og_image":[{"width":1200,"height":630,"url":"https:\/\/demo.prima.ca\/wp-content\/uploads\/2020\/04\/prima-preview-site.jpg","type":"image\/jpeg"}],"twitter_card":"summary_large_image","twitter_site":"@primaquebec","twitter_misc":{"Est. reading time":"1 minute"},"schema":{"@context":"https:\/\/schema.org","@graph":[{"@type":"WebPage","@id":"https:\/\/demo.prima.ca\/en\/evenement\/rendez-vous-des-ecomateriaux-9e-edition\/","url":"https:\/\/demo.prima.ca\/en\/evenement\/rendez-vous-des-ecomateriaux-9e-edition\/","name":"Rendez-vous des \u00e9comat\u00e9riaux - 9e \u00e9dition | PRIMA Qu\u00e9bec","isPartOf":{"@id":"https:\/\/demo.prima.ca\/en\/#website"},"primaryImageOfPage":{"@id":"https:\/\/demo.prima.ca\/en\/evenement\/rendez-vous-des-ecomateriaux-9e-edition\/#primaryimage"},"image":{"@id":"https:\/\/demo.prima.ca\/en\/evenement\/rendez-vous-des-ecomateriaux-9e-edition\/#primaryimage"},"thumbnailUrl":"https:\/\/demo.prima.ca\/wp-content\/uploads\/2024\/08\/rv-ecomateriaux.jpg","datePublished":"2024-08-07T18:00:20+00:00","breadcrumb":{"@id":"https:\/\/demo.prima.ca\/en\/evenement\/rendez-vous-des-ecomateriaux-9e-edition\/#breadcrumb"},"inLanguage":"en-US","potentialAction":[{"@type":"ReadAction","target":["https:\/\/demo.prima.ca\/en\/evenement\/rendez-vous-des-ecomateriaux-9e-edition\/"]}]},{"@type":"ImageObject","inLanguage":"en-US","@id":"https:\/\/demo.prima.ca\/en\/evenement\/rendez-vous-des-ecomateriaux-9e-edition\/#primaryimage","url":"https:\/\/demo.prima.ca\/wp-content\/uploads\/2024\/08\/rv-ecomateriaux.jpg","contentUrl":"https:\/\/demo.prima.ca\/wp-content\/uploads\/2024\/08\/rv-ecomateriaux.jpg","width":1174,"height":587},{"@type":"BreadcrumbList","@id":"https:\/\/demo.prima.ca\/en\/evenement\/rendez-vous-des-ecomateriaux-9e-edition\/#breadcrumb","itemListElement":[{"@type":"ListItem","position":1,"name":"Accueil","item":"https:\/\/demo.prima.ca\/en\/"},{"@type":"ListItem","position":2,"name":"Events","item":"https:\/\/demo.prima.ca\/en\/evenements\/"},{"@type":"ListItem","position":3,"name":"Rendez-vous des \u00e9comat\u00e9riaux &#8211; 9e \u00e9dition"}]},{"@type":"WebSite","@id":"https:\/\/demo.prima.ca\/en\/#website","url":"https:\/\/demo.prima.ca\/en\/","name":"PRIMA Qu\u00e9bec","description":"Advanced Materials Moving Forward","publisher":{"@id":"https:\/\/demo.prima.ca\/en\/#organization"},"potentialAction":[{"@type":"SearchAction","target":{"@type":"EntryPoint","urlTemplate":"https:\/\/demo.prima.ca\/en\/?s={search_term_string}"},"query-input":{"@type":"PropertyValueSpecification","valueRequired":true,"valueName":"search_term_string"}}],"inLanguage":"en-US"},{"@type":"Organization","@id":"https:\/\/demo.prima.ca\/en\/#organization","name":"PRIMA Qu\u00e9bec","url":"https:\/\/demo.prima.ca\/en\/","logo":{"@type":"ImageObject","inLanguage":"en-US","@id":"https:\/\/demo.prima.ca\/en\/#\/schema\/logo\/image\/","url":"https:\/\/demo.prima.ca\/wp-content\/uploads\/2020\/03\/logo-prima-large-fr.png","contentUrl":"https:\/\/demo.prima.ca\/wp-content\/uploads\/2020\/03\/logo-prima-large-fr.png","width":1200,"height":357,"caption":"PRIMA Qu\u00e9bec"},"image":{"@id":"https:\/\/demo.prima.ca\/en\/#\/schema\/logo\/image\/"},"sameAs":["https:\/\/x.com\/primaquebec","https:\/\/www.linkedin.com\/company\/prima-quebec\/"]}]}},"_links":{"self":[{"href":"https:\/\/demo.prima.ca\/en\/wp-json\/wp\/v2\/tribe_events\/10880","targetHints":{"allow":["GET"]}}],"collection":[{"href":"https:\/\/demo.prima.ca\/en\/wp-json\/wp\/v2\/tribe_events"}],"about":[{"href":"https:\/\/demo.prima.ca\/en\/wp-json\/wp\/v2\/types\/tribe_events"}],"author":[{"embeddable":true,"href":"https:\/\/demo.prima.ca\/en\/wp-json\/wp\/v2\/users\/219"}],"version-history":[{"count":0,"href":"https:\/\/demo.prima.ca\/en\/wp-json\/wp\/v2\/tribe_events\/10880\/revisions"}],"wp:featuredmedia":[{"embeddable":true,"href":"https:\/\/demo.prima.ca\/en\/wp-json\/wp\/v2\/media\/10689"}],"wp:attachment":[{"href":"https:\/\/demo.prima.ca\/en\/wp-json\/wp\/v2\/media?parent=10880"}],"wp:term":[{"taxonomy":"post_tag","embeddable":true,"href":"https:\/\/demo.prima.ca\/en\/wp-json\/wp\/v2\/tags?post=10880"},{"taxonomy":"tribe_events_cat","embeddable":true,"href":"https:\/\/demo.prima.ca\/en\/wp-json\/wp\/v2\/tribe_events_cat?post=10880"}],"curies":[{"name":"wp","href":"https:\/\/api.w.org\/{rel}","templated":true}]}}