{"id":10882,"date":"2024-08-26T14:53:36","date_gmt":"2024-08-26T18:53:36","guid":{"rendered":"https:\/\/www.prima.ca\/evenement\/energiq-inspirer-le-futur-de-notre-transition-energetique\/"},"modified":"2024-08-26T14:53:36","modified_gmt":"2024-08-26T18:53:36","slug":"energiq-inspirer-le-futur-de-notre-transition-energetique","status":"publish","type":"tribe_events","link":"https:\/\/demo.prima.ca\/en\/evenement\/energiq-inspirer-le-futur-de-notre-transition-energetique\/","title":{"rendered":"\u00e9nergiQ : Inspirer le futur de notre transition \u00e9nerg\u00e9tique"},"content":{"rendered":"<div class=\"Grid__row___E7VTp Grid__small___PCIRx\">\n<div class=\"Grid__column___l9yDf Grid__col_12___xVKdl Grid__small___PCIRx\">\n<div id=\"widget:df88c5ad-c713-46bd-856f-073e7fa5f6dd\" class=\"App__widgetIdcontainer___TU7eP\">\n<div class=\"Text__container___rl7TL\" data-cvent-id=\"widget-NucleusText-widget:df88c5ad-c713-46bd-856f-073e7fa5f6dd\">\n<div class=\"css-87ndg2\">\n<div class=\"css-vsf5of\">\n<p class=\"carina-rte-public-DraftStyleDefault-block\">Un \u00e9v\u00e9nement audacieux\u00a0et collaboratif<\/p>\n<\/div>\n<\/div>\n<\/div>\n<\/div>\n<\/div>\n<\/div>\n<div class=\"Grid__row___E7VTp Grid__small___PCIRx\">\n<div class=\"Grid__column___l9yDf Grid__col_12___xVKdl Grid__small___PCIRx\">\n<div id=\"widget:441ba92c-5369-49fe-9744-bc79c227e5ea\" class=\"App__widgetIdcontainer___TU7eP\">\n<div class=\"Text__container___rl7TL\" data-cvent-id=\"widget-NucleusText-widget:441ba92c-5369-49fe-9744-bc79c227e5ea\">\n<div class=\"css-87ndg2\">\n<div class=\"css-vsf5of\">\n<p class=\"carina-rte-public-DraftStyleDefault-block\">Plongez dans l&#8217;avenir de la transition \u00e9nerg\u00e9tique avec \u00e9nergiQ! Du\u00a015 au 17 octobre\u00a02024, retrouvez-vous au c\u0153ur d&#8217;une exp\u00e9rience collaborative vibrante.<\/p>\n<p class=\"carina-rte-public-DraftStyleDefault-block\">Dans une atmosph\u00e8re immersive, vous prendrez part simultan\u00e9ment \u00e0 une foire commerciale, \u00e0 des discussions d&#8217;avant-garde et \u00e0 un r\u00e9seautage inoubliable.<\/p>\n<p class=\"carina-rte-public-DraftStyleDefault-block\">Un \u00e9v\u00e9nement cr\u00e9\u00e9 en collaboration avec Innov\u00c9\u00c9 et l&#8217;AIEQ.<\/p>\n<a href='https:\/\/www.energiqmtl.com\/event\/ad48c3b3-a66e-48ef-bc6b-218c6a4bd8f5\/summary' class='small-button smallblue' target=\"_blank\">Information<\/a>\n<a href='https:\/\/www.energiqmtl.com\/event\/ad48c3b3-a66e-48ef-bc6b-218c6a4bd8f5\/regProcessStep1' class='small-button smallgreen' target=\"_blank\">Inscription<\/a>\n<\/div>\n<\/div>\n<\/div>\n<\/div>\n<\/div>\n<\/div>\n","protected":false},"excerpt":{"rendered":"<p>Un \u00e9v\u00e9nement audacieux\u00a0et collaboratif Plongez dans l&#8217;avenir de la transition \u00e9nerg\u00e9tique avec \u00e9nergiQ! Du\u00a015 au 17 octobre\u00a02024, retrouvez-vous au c\u0153ur d&#8217;une exp\u00e9rience collaborative vibrante. Dans une atmosph\u00e8re immersive, vous prendrez [&hellip;]<\/p>\n","protected":false},"author":219,"featured_media":10770,"template":"","meta":{"_et_pb_use_builder":"","_et_pb_old_content":"","_et_gb_content_width":"","_tribe_events_status":"","_tribe_events_status_reason":"","footnotes":""},"tags":[],"tribe_events_cat":[],"class_list":["post-10882","tribe_events","type-tribe_events","status-publish","has-post-thumbnail","hentry"],"acf":[],"yoast_head":"<!-- This site is optimized with the Yoast SEO plugin v27.1.1 - https:\/\/yoast.com\/product\/yoast-seo-wordpress\/ -->\n<title>\u00e9nergiQ : Inspirer le futur de notre transition \u00e9nerg\u00e9tique | PRIMA Qu\u00e9bec<\/title>\n<meta name=\"robots\" content=\"noindex, follow, max-snippet:-1, max-image-preview:large, max-video-preview:-1\" \/>\n<meta property=\"og:locale\" content=\"en_US\" \/>\n<meta property=\"og:type\" content=\"article\" \/>\n<meta property=\"og:title\" content=\"\u00e9nergiQ : Inspirer le futur de notre transition \u00e9nerg\u00e9tique | PRIMA Qu\u00e9bec\" \/>\n<meta property=\"og:description\" content=\"Un \u00e9v\u00e9nement audacieux\u00a0et collaboratif Plongez dans l&#8217;avenir de la transition \u00e9nerg\u00e9tique avec \u00e9nergiQ! Du\u00a015 au 17 octobre\u00a02024, retrouvez-vous au c\u0153ur d&#8217;une exp\u00e9rience collaborative vibrante. Dans une atmosph\u00e8re immersive, vous prendrez [&hellip;]\" \/>\n<meta property=\"og:url\" content=\"https:\/\/demo.prima.ca\/en\/evenement\/energiq-inspirer-le-futur-de-notre-transition-energetique\/\" \/>\n<meta property=\"og:site_name\" content=\"PRIMA Qu\u00e9bec\" \/>\n<meta property=\"og:image\" content=\"https:\/\/demo.prima.ca\/wp-content\/uploads\/2020\/04\/prima-preview-site.jpg\" \/>\n\t<meta property=\"og:image:width\" content=\"1200\" \/>\n\t<meta property=\"og:image:height\" content=\"630\" \/>\n\t<meta property=\"og:image:type\" content=\"image\/jpeg\" \/>\n<meta name=\"twitter:card\" content=\"summary_large_image\" \/>\n<meta name=\"twitter:site\" content=\"@primaquebec\" \/>\n<meta name=\"twitter:label1\" content=\"Est. reading time\" \/>\n\t<meta name=\"twitter:data1\" content=\"1 minute\" \/>\n<script type=\"application\/ld+json\" class=\"yoast-schema-graph\">{\"@context\":\"https:\/\/schema.org\",\"@graph\":[{\"@type\":\"WebPage\",\"@id\":\"https:\/\/demo.prima.ca\/en\/evenement\/energiq-inspirer-le-futur-de-notre-transition-energetique\/\",\"url\":\"https:\/\/demo.prima.ca\/en\/evenement\/energiq-inspirer-le-futur-de-notre-transition-energetique\/\",\"name\":\"\u00e9nergiQ : Inspirer le futur de notre transition \u00e9nerg\u00e9tique | PRIMA Qu\u00e9bec\",\"isPartOf\":{\"@id\":\"https:\/\/demo.prima.ca\/en\/#website\"},\"primaryImageOfPage\":{\"@id\":\"https:\/\/demo.prima.ca\/en\/evenement\/energiq-inspirer-le-futur-de-notre-transition-energetique\/#primaryimage\"},\"image\":{\"@id\":\"https:\/\/demo.prima.ca\/en\/evenement\/energiq-inspirer-le-futur-de-notre-transition-energetique\/#primaryimage\"},\"thumbnailUrl\":\"https:\/\/demo.prima.ca\/wp-content\/uploads\/2024\/08\/Capture-decran-2024-08-26-145231.png\",\"datePublished\":\"2024-08-26T18:53:36+00:00\",\"breadcrumb\":{\"@id\":\"https:\/\/demo.prima.ca\/en\/evenement\/energiq-inspirer-le-futur-de-notre-transition-energetique\/#breadcrumb\"},\"inLanguage\":\"en-US\",\"potentialAction\":[{\"@type\":\"ReadAction\",\"target\":[\"https:\/\/demo.prima.ca\/en\/evenement\/energiq-inspirer-le-futur-de-notre-transition-energetique\/\"]}]},{\"@type\":\"ImageObject\",\"inLanguage\":\"en-US\",\"@id\":\"https:\/\/demo.prima.ca\/en\/evenement\/energiq-inspirer-le-futur-de-notre-transition-energetique\/#primaryimage\",\"url\":\"https:\/\/demo.prima.ca\/wp-content\/uploads\/2024\/08\/Capture-decran-2024-08-26-145231.png\",\"contentUrl\":\"https:\/\/demo.prima.ca\/wp-content\/uploads\/2024\/08\/Capture-decran-2024-08-26-145231.png\",\"width\":1532,\"height\":469},{\"@type\":\"BreadcrumbList\",\"@id\":\"https:\/\/demo.prima.ca\/en\/evenement\/energiq-inspirer-le-futur-de-notre-transition-energetique\/#breadcrumb\",\"itemListElement\":[{\"@type\":\"ListItem\",\"position\":1,\"name\":\"Accueil\",\"item\":\"https:\/\/demo.prima.ca\/en\/\"},{\"@type\":\"ListItem\",\"position\":2,\"name\":\"Events\",\"item\":\"https:\/\/demo.prima.ca\/en\/evenements\/\"},{\"@type\":\"ListItem\",\"position\":3,\"name\":\"\u00e9nergiQ : Inspirer le futur de notre transition \u00e9nerg\u00e9tique\"}]},{\"@type\":\"WebSite\",\"@id\":\"https:\/\/demo.prima.ca\/en\/#website\",\"url\":\"https:\/\/demo.prima.ca\/en\/\",\"name\":\"PRIMA Qu\u00e9bec\",\"description\":\"Advanced Materials Moving Forward\",\"publisher\":{\"@id\":\"https:\/\/demo.prima.ca\/en\/#organization\"},\"potentialAction\":[{\"@type\":\"SearchAction\",\"target\":{\"@type\":\"EntryPoint\",\"urlTemplate\":\"https:\/\/demo.prima.ca\/en\/?s={search_term_string}\"},\"query-input\":{\"@type\":\"PropertyValueSpecification\",\"valueRequired\":true,\"valueName\":\"search_term_string\"}}],\"inLanguage\":\"en-US\"},{\"@type\":\"Organization\",\"@id\":\"https:\/\/demo.prima.ca\/en\/#organization\",\"name\":\"PRIMA Qu\u00e9bec\",\"url\":\"https:\/\/demo.prima.ca\/en\/\",\"logo\":{\"@type\":\"ImageObject\",\"inLanguage\":\"en-US\",\"@id\":\"https:\/\/demo.prima.ca\/en\/#\/schema\/logo\/image\/\",\"url\":\"https:\/\/demo.prima.ca\/wp-content\/uploads\/2020\/03\/logo-prima-large-fr.png\",\"contentUrl\":\"https:\/\/demo.prima.ca\/wp-content\/uploads\/2020\/03\/logo-prima-large-fr.png\",\"width\":1200,\"height\":357,\"caption\":\"PRIMA Qu\u00e9bec\"},\"image\":{\"@id\":\"https:\/\/demo.prima.ca\/en\/#\/schema\/logo\/image\/\"},\"sameAs\":[\"https:\/\/x.com\/primaquebec\",\"https:\/\/www.linkedin.com\/company\/prima-quebec\/\"]}]}<\/script>\n<!-- \/ Yoast SEO plugin. -->","yoast_head_json":{"title":"\u00e9nergiQ : Inspirer le futur de notre transition \u00e9nerg\u00e9tique | PRIMA Qu\u00e9bec","robots":{"index":"noindex","follow":"follow","max-snippet":"max-snippet:-1","max-image-preview":"max-image-preview:large","max-video-preview":"max-video-preview:-1"},"og_locale":"en_US","og_type":"article","og_title":"\u00e9nergiQ : Inspirer le futur de notre transition \u00e9nerg\u00e9tique | PRIMA Qu\u00e9bec","og_description":"Un \u00e9v\u00e9nement audacieux\u00a0et collaboratif Plongez dans l&#8217;avenir de la transition \u00e9nerg\u00e9tique avec \u00e9nergiQ! Du\u00a015 au 17 octobre\u00a02024, retrouvez-vous au c\u0153ur d&#8217;une exp\u00e9rience collaborative vibrante. Dans une atmosph\u00e8re immersive, vous prendrez [&hellip;]","og_url":"https:\/\/demo.prima.ca\/en\/evenement\/energiq-inspirer-le-futur-de-notre-transition-energetique\/","og_site_name":"PRIMA Qu\u00e9bec","og_image":[{"width":1200,"height":630,"url":"https:\/\/demo.prima.ca\/wp-content\/uploads\/2020\/04\/prima-preview-site.jpg","type":"image\/jpeg"}],"twitter_card":"summary_large_image","twitter_site":"@primaquebec","twitter_misc":{"Est. reading time":"1 minute"},"schema":{"@context":"https:\/\/schema.org","@graph":[{"@type":"WebPage","@id":"https:\/\/demo.prima.ca\/en\/evenement\/energiq-inspirer-le-futur-de-notre-transition-energetique\/","url":"https:\/\/demo.prima.ca\/en\/evenement\/energiq-inspirer-le-futur-de-notre-transition-energetique\/","name":"\u00e9nergiQ : Inspirer le futur de notre transition \u00e9nerg\u00e9tique | PRIMA Qu\u00e9bec","isPartOf":{"@id":"https:\/\/demo.prima.ca\/en\/#website"},"primaryImageOfPage":{"@id":"https:\/\/demo.prima.ca\/en\/evenement\/energiq-inspirer-le-futur-de-notre-transition-energetique\/#primaryimage"},"image":{"@id":"https:\/\/demo.prima.ca\/en\/evenement\/energiq-inspirer-le-futur-de-notre-transition-energetique\/#primaryimage"},"thumbnailUrl":"https:\/\/demo.prima.ca\/wp-content\/uploads\/2024\/08\/Capture-decran-2024-08-26-145231.png","datePublished":"2024-08-26T18:53:36+00:00","breadcrumb":{"@id":"https:\/\/demo.prima.ca\/en\/evenement\/energiq-inspirer-le-futur-de-notre-transition-energetique\/#breadcrumb"},"inLanguage":"en-US","potentialAction":[{"@type":"ReadAction","target":["https:\/\/demo.prima.ca\/en\/evenement\/energiq-inspirer-le-futur-de-notre-transition-energetique\/"]}]},{"@type":"ImageObject","inLanguage":"en-US","@id":"https:\/\/demo.prima.ca\/en\/evenement\/energiq-inspirer-le-futur-de-notre-transition-energetique\/#primaryimage","url":"https:\/\/demo.prima.ca\/wp-content\/uploads\/2024\/08\/Capture-decran-2024-08-26-145231.png","contentUrl":"https:\/\/demo.prima.ca\/wp-content\/uploads\/2024\/08\/Capture-decran-2024-08-26-145231.png","width":1532,"height":469},{"@type":"BreadcrumbList","@id":"https:\/\/demo.prima.ca\/en\/evenement\/energiq-inspirer-le-futur-de-notre-transition-energetique\/#breadcrumb","itemListElement":[{"@type":"ListItem","position":1,"name":"Accueil","item":"https:\/\/demo.prima.ca\/en\/"},{"@type":"ListItem","position":2,"name":"Events","item":"https:\/\/demo.prima.ca\/en\/evenements\/"},{"@type":"ListItem","position":3,"name":"\u00e9nergiQ : Inspirer le futur de notre transition \u00e9nerg\u00e9tique"}]},{"@type":"WebSite","@id":"https:\/\/demo.prima.ca\/en\/#website","url":"https:\/\/demo.prima.ca\/en\/","name":"PRIMA Qu\u00e9bec","description":"Advanced Materials Moving Forward","publisher":{"@id":"https:\/\/demo.prima.ca\/en\/#organization"},"potentialAction":[{"@type":"SearchAction","target":{"@type":"EntryPoint","urlTemplate":"https:\/\/demo.prima.ca\/en\/?s={search_term_string}"},"query-input":{"@type":"PropertyValueSpecification","valueRequired":true,"valueName":"search_term_string"}}],"inLanguage":"en-US"},{"@type":"Organization","@id":"https:\/\/demo.prima.ca\/en\/#organization","name":"PRIMA Qu\u00e9bec","url":"https:\/\/demo.prima.ca\/en\/","logo":{"@type":"ImageObject","inLanguage":"en-US","@id":"https:\/\/demo.prima.ca\/en\/#\/schema\/logo\/image\/","url":"https:\/\/demo.prima.ca\/wp-content\/uploads\/2020\/03\/logo-prima-large-fr.png","contentUrl":"https:\/\/demo.prima.ca\/wp-content\/uploads\/2020\/03\/logo-prima-large-fr.png","width":1200,"height":357,"caption":"PRIMA Qu\u00e9bec"},"image":{"@id":"https:\/\/demo.prima.ca\/en\/#\/schema\/logo\/image\/"},"sameAs":["https:\/\/x.com\/primaquebec","https:\/\/www.linkedin.com\/company\/prima-quebec\/"]}]}},"_links":{"self":[{"href":"https:\/\/demo.prima.ca\/en\/wp-json\/wp\/v2\/tribe_events\/10882","targetHints":{"allow":["GET"]}}],"collection":[{"href":"https:\/\/demo.prima.ca\/en\/wp-json\/wp\/v2\/tribe_events"}],"about":[{"href":"https:\/\/demo.prima.ca\/en\/wp-json\/wp\/v2\/types\/tribe_events"}],"author":[{"embeddable":true,"href":"https:\/\/demo.prima.ca\/en\/wp-json\/wp\/v2\/users\/219"}],"version-history":[{"count":0,"href":"https:\/\/demo.prima.ca\/en\/wp-json\/wp\/v2\/tribe_events\/10882\/revisions"}],"wp:featuredmedia":[{"embeddable":true,"href":"https:\/\/demo.prima.ca\/en\/wp-json\/wp\/v2\/media\/10770"}],"wp:attachment":[{"href":"https:\/\/demo.prima.ca\/en\/wp-json\/wp\/v2\/media?parent=10882"}],"wp:term":[{"taxonomy":"post_tag","embeddable":true,"href":"https:\/\/demo.prima.ca\/en\/wp-json\/wp\/v2\/tags?post=10882"},{"taxonomy":"tribe_events_cat","embeddable":true,"href":"https:\/\/demo.prima.ca\/en\/wp-json\/wp\/v2\/tribe_events_cat?post=10882"}],"curies":[{"name":"wp","href":"https:\/\/api.w.org\/{rel}","templated":true}]}}