{"id":11200,"date":"2024-10-31T13:55:35","date_gmt":"2024-10-31T17:55:35","guid":{"rendered":"https:\/\/www.prima.ca\/evenement\/sommet-de-la-transition-verte-et-numerique-de-la-main-doeuvre-2025\/"},"modified":"2025-01-14T15:29:48","modified_gmt":"2025-01-14T20:29:48","slug":"sommet-de-la-transition-verte-et-numerique-de-la-main-doeuvre-2025","status":"publish","type":"tribe_events","link":"https:\/\/demo.prima.ca\/en\/evenement\/sommet-de-la-transition-verte-et-numerique-de-la-main-doeuvre-2025\/","title":{"rendered":"Sommet de la transition verte et num\u00e9rique de la main-d\u2019\u0153uvre 2025"},"content":{"rendered":"<p>EnviroComp\u00e9tences et TECHNOComp\u00e9tences vous invitent \u00e0 participer \u00e0 un \u00e9v\u00e9nement d\u00e9cisif pour l\u2019avenir de l\u2019\u00e9conomie et du march\u00e9 du travail au Qu\u00e9bec : le Sommet de la transition verte et num\u00e9rique de la main-d\u2019\u0153uvre.<\/p>\n<p>\ud83d\udcc5 Quand\u2009? 30 janvier 2025<br \/>\n\ud83d\udccd O\u00f9 ? \u00c0 la Maison Alcan, Montr\u00e9al ou en ligne.<\/p>\n<p>Cet \u00e9v\u00e9nement hybride vous offre une opportunit\u00e9 unique de fa\u00e7onner activement l\u2019avenir de la main-d\u2019\u0153uvre qu\u00e9b\u00e9coise et d\u2019apprendre des expert\u00b7e\u00b7s des secteurs environnementaux et num\u00e9riques.<\/p>\n<p>\ud83c\udf1f Pourquoi ne pas manquer ce Sommet ?<\/p>\n<p>Le Qu\u00e9bec est \u00e0 un tournant d\u00e9cisif de son histoire en mati\u00e8re de transition verte et num\u00e9rique. Cet \u00e9v\u00e9nement vous permettra de :<br \/>\n\u2705 D\u00e9couvrir les r\u00e9sultats exclusifs du Grand diagnostic vert : acc\u00e9dez \u00e0 une analyse compl\u00e8te des d\u00e9fis et opportunit\u00e9s pour le march\u00e9 du travail au Qu\u00e9bec.<br \/>\n\u2705 Anticiper les comp\u00e9tences de demain : d\u00e9couvrez les m\u00e9tiers \u00e9mergents et les formations qui seront indispensables dans un environnement \u00e9conomique en pleine mutation.<br \/>\n\u2705 Participer \u00e0 des ateliers et des tables rondes interactifs : collaborez avec des expert(e)s et des leaders pour \u00e9laborer des solutions concr\u00e8tes \u00e0 la transition verte et num\u00e9rique.<br \/>\n\u2705 R\u00e9seautage strat\u00e9gique : rencontrez des acteur(rice)s cl\u00e9s du secteur et d\u00e9veloppez des partenariats essentiels pour pr\u00e9parer l\u2019avenir. Des sessions d\u00e9di\u00e9es au r\u00e9seautage vous permettront d\u2019\u00e9tablir des contacts pr\u00e9cieux.<\/p>\n<p>\ud83d\ude80 Profitez d\u2019un format hybride pour plus de flexibilit\u00e9<br \/>\nQue vous soyez pr\u00e9sent(e) \u00e0 Montr\u00e9al ou \u00e0 distance, vous avez acc\u00e8s \u00e0 toutes les conf\u00e9rences et discussions en direct\u2009!<\/p>\n<p>Gr\u00e2ce au format hybride, vous pouvez poser vos questions, interagir avec les intervenant(e)s et r\u00e9seauter en virtuel, o\u00f9 que vous soyez.<\/p>\n<p><strong>\ud83d\udce2<\/strong><strong> R\u00e9servez votre place d\u00e8s aujourd\u2019hui\u2009!<\/strong><\/p>\n<p>Les inscriptions sont ouvertes, mais <strong>les places sont limit\u00e9es<\/strong>. Ne manquez pas cette occasion de participer \u00e0 un \u00e9v\u00e9nement d\u00e9terminant pour l\u2019avenir du Qu\u00e9bec\u2009!<\/p>\n<a href='https:\/\/web.cvent.com\/event\/4343f092-2421-4889-a77d-8d3b4f2f9a8f\/regProcessStep1' class='small-button smallblue' target=\"_blank\">Inscription<\/a>\n","protected":false},"excerpt":{"rendered":"<p>EnviroComp\u00e9tences et TECHNOComp\u00e9tences vous invitent \u00e0 participer \u00e0 un \u00e9v\u00e9nement d\u00e9cisif pour l\u2019avenir de l\u2019\u00e9conomie et du march\u00e9 du travail au Qu\u00e9bec : le Sommet de la transition verte et [&hellip;]<\/p>\n","protected":false},"author":219,"featured_media":11197,"template":"","meta":{"_et_pb_use_builder":"","_et_pb_old_content":"","_et_gb_content_width":"","_tribe_events_status":"","_tribe_events_status_reason":"","footnotes":""},"tags":[],"tribe_events_cat":[],"class_list":["post-11200","tribe_events","type-tribe_events","status-publish","has-post-thumbnail","hentry"],"acf":[],"yoast_head":"<!-- This site is optimized with the Yoast SEO plugin v27.1.1 - https:\/\/yoast.com\/product\/yoast-seo-wordpress\/ -->\n<title>Sommet de la transition verte et num\u00e9rique de la main-d\u2019\u0153uvre 2025 | PRIMA Qu\u00e9bec<\/title>\n<meta name=\"robots\" content=\"noindex, follow, max-snippet:-1, max-image-preview:large, max-video-preview:-1\" \/>\n<meta property=\"og:locale\" content=\"en_US\" \/>\n<meta property=\"og:type\" content=\"article\" \/>\n<meta property=\"og:title\" content=\"Sommet de la transition verte et num\u00e9rique de la main-d\u2019\u0153uvre 2025 | PRIMA Qu\u00e9bec\" \/>\n<meta property=\"og:description\" content=\"EnviroComp\u00e9tences et TECHNOComp\u00e9tences vous invitent \u00e0 participer \u00e0 un \u00e9v\u00e9nement d\u00e9cisif pour l\u2019avenir de l\u2019\u00e9conomie et du march\u00e9 du travail au Qu\u00e9bec : le Sommet de la transition verte et [&hellip;]\" \/>\n<meta property=\"og:url\" content=\"https:\/\/demo.prima.ca\/en\/evenement\/sommet-de-la-transition-verte-et-numerique-de-la-main-doeuvre-2025\/\" \/>\n<meta property=\"og:site_name\" content=\"PRIMA Qu\u00e9bec\" \/>\n<meta property=\"article:modified_time\" content=\"2025-01-14T20:29:48+00:00\" \/>\n<meta property=\"og:image\" content=\"https:\/\/demo.prima.ca\/wp-content\/uploads\/2024\/10\/sommet-transition-verte.png\" \/>\n\t<meta property=\"og:image:width\" content=\"992\" \/>\n\t<meta property=\"og:image:height\" content=\"554\" \/>\n\t<meta property=\"og:image:type\" content=\"image\/png\" \/>\n<meta name=\"twitter:card\" content=\"summary_large_image\" \/>\n<meta name=\"twitter:site\" content=\"@primaquebec\" \/>\n<meta name=\"twitter:label1\" content=\"Est. reading time\" \/>\n\t<meta name=\"twitter:data1\" content=\"2 minutes\" \/>\n<script type=\"application\/ld+json\" class=\"yoast-schema-graph\">{\"@context\":\"https:\/\/schema.org\",\"@graph\":[{\"@type\":\"WebPage\",\"@id\":\"https:\/\/demo.prima.ca\/en\/evenement\/sommet-de-la-transition-verte-et-numerique-de-la-main-doeuvre-2025\/\",\"url\":\"https:\/\/demo.prima.ca\/en\/evenement\/sommet-de-la-transition-verte-et-numerique-de-la-main-doeuvre-2025\/\",\"name\":\"Sommet de la transition verte et num\u00e9rique de la main-d\u2019\u0153uvre 2025 | PRIMA Qu\u00e9bec\",\"isPartOf\":{\"@id\":\"https:\/\/demo.prima.ca\/en\/#website\"},\"primaryImageOfPage\":{\"@id\":\"https:\/\/demo.prima.ca\/en\/evenement\/sommet-de-la-transition-verte-et-numerique-de-la-main-doeuvre-2025\/#primaryimage\"},\"image\":{\"@id\":\"https:\/\/demo.prima.ca\/en\/evenement\/sommet-de-la-transition-verte-et-numerique-de-la-main-doeuvre-2025\/#primaryimage\"},\"thumbnailUrl\":\"https:\/\/demo.prima.ca\/wp-content\/uploads\/2024\/10\/sommet-transition-verte.png\",\"datePublished\":\"2024-10-31T17:55:35+00:00\",\"dateModified\":\"2025-01-14T20:29:48+00:00\",\"breadcrumb\":{\"@id\":\"https:\/\/demo.prima.ca\/en\/evenement\/sommet-de-la-transition-verte-et-numerique-de-la-main-doeuvre-2025\/#breadcrumb\"},\"inLanguage\":\"en-US\",\"potentialAction\":[{\"@type\":\"ReadAction\",\"target\":[\"https:\/\/demo.prima.ca\/en\/evenement\/sommet-de-la-transition-verte-et-numerique-de-la-main-doeuvre-2025\/\"]}]},{\"@type\":\"ImageObject\",\"inLanguage\":\"en-US\",\"@id\":\"https:\/\/demo.prima.ca\/en\/evenement\/sommet-de-la-transition-verte-et-numerique-de-la-main-doeuvre-2025\/#primaryimage\",\"url\":\"https:\/\/demo.prima.ca\/wp-content\/uploads\/2024\/10\/sommet-transition-verte.png\",\"contentUrl\":\"https:\/\/demo.prima.ca\/wp-content\/uploads\/2024\/10\/sommet-transition-verte.png\",\"width\":992,\"height\":554},{\"@type\":\"BreadcrumbList\",\"@id\":\"https:\/\/demo.prima.ca\/en\/evenement\/sommet-de-la-transition-verte-et-numerique-de-la-main-doeuvre-2025\/#breadcrumb\",\"itemListElement\":[{\"@type\":\"ListItem\",\"position\":1,\"name\":\"Accueil\",\"item\":\"https:\/\/demo.prima.ca\/en\/\"},{\"@type\":\"ListItem\",\"position\":2,\"name\":\"Events\",\"item\":\"https:\/\/demo.prima.ca\/en\/evenements\/\"},{\"@type\":\"ListItem\",\"position\":3,\"name\":\"Sommet de la transition verte et num\u00e9rique de la main-d\u2019\u0153uvre 2025\"}]},{\"@type\":\"WebSite\",\"@id\":\"https:\/\/demo.prima.ca\/en\/#website\",\"url\":\"https:\/\/demo.prima.ca\/en\/\",\"name\":\"PRIMA Qu\u00e9bec\",\"description\":\"Advanced Materials Moving Forward\",\"publisher\":{\"@id\":\"https:\/\/demo.prima.ca\/en\/#organization\"},\"potentialAction\":[{\"@type\":\"SearchAction\",\"target\":{\"@type\":\"EntryPoint\",\"urlTemplate\":\"https:\/\/demo.prima.ca\/en\/?s={search_term_string}\"},\"query-input\":{\"@type\":\"PropertyValueSpecification\",\"valueRequired\":true,\"valueName\":\"search_term_string\"}}],\"inLanguage\":\"en-US\"},{\"@type\":\"Organization\",\"@id\":\"https:\/\/demo.prima.ca\/en\/#organization\",\"name\":\"PRIMA Qu\u00e9bec\",\"url\":\"https:\/\/demo.prima.ca\/en\/\",\"logo\":{\"@type\":\"ImageObject\",\"inLanguage\":\"en-US\",\"@id\":\"https:\/\/demo.prima.ca\/en\/#\/schema\/logo\/image\/\",\"url\":\"https:\/\/demo.prima.ca\/wp-content\/uploads\/2020\/03\/logo-prima-large-fr.png\",\"contentUrl\":\"https:\/\/demo.prima.ca\/wp-content\/uploads\/2020\/03\/logo-prima-large-fr.png\",\"width\":1200,\"height\":357,\"caption\":\"PRIMA Qu\u00e9bec\"},\"image\":{\"@id\":\"https:\/\/demo.prima.ca\/en\/#\/schema\/logo\/image\/\"},\"sameAs\":[\"https:\/\/x.com\/primaquebec\",\"https:\/\/www.linkedin.com\/company\/prima-quebec\/\"]}]}<\/script>\n<!-- \/ Yoast SEO plugin. -->","yoast_head_json":{"title":"Sommet de la transition verte et num\u00e9rique de la main-d\u2019\u0153uvre 2025 | PRIMA Qu\u00e9bec","robots":{"index":"noindex","follow":"follow","max-snippet":"max-snippet:-1","max-image-preview":"max-image-preview:large","max-video-preview":"max-video-preview:-1"},"og_locale":"en_US","og_type":"article","og_title":"Sommet de la transition verte et num\u00e9rique de la main-d\u2019\u0153uvre 2025 | PRIMA Qu\u00e9bec","og_description":"EnviroComp\u00e9tences et TECHNOComp\u00e9tences vous invitent \u00e0 participer \u00e0 un \u00e9v\u00e9nement d\u00e9cisif pour l\u2019avenir de l\u2019\u00e9conomie et du march\u00e9 du travail au Qu\u00e9bec : le Sommet de la transition verte et [&hellip;]","og_url":"https:\/\/demo.prima.ca\/en\/evenement\/sommet-de-la-transition-verte-et-numerique-de-la-main-doeuvre-2025\/","og_site_name":"PRIMA Qu\u00e9bec","article_modified_time":"2025-01-14T20:29:48+00:00","og_image":[{"width":992,"height":554,"url":"https:\/\/demo.prima.ca\/wp-content\/uploads\/2024\/10\/sommet-transition-verte.png","type":"image\/png"}],"twitter_card":"summary_large_image","twitter_site":"@primaquebec","twitter_misc":{"Est. reading time":"2 minutes"},"schema":{"@context":"https:\/\/schema.org","@graph":[{"@type":"WebPage","@id":"https:\/\/demo.prima.ca\/en\/evenement\/sommet-de-la-transition-verte-et-numerique-de-la-main-doeuvre-2025\/","url":"https:\/\/demo.prima.ca\/en\/evenement\/sommet-de-la-transition-verte-et-numerique-de-la-main-doeuvre-2025\/","name":"Sommet de la transition verte et num\u00e9rique de la main-d\u2019\u0153uvre 2025 | PRIMA Qu\u00e9bec","isPartOf":{"@id":"https:\/\/demo.prima.ca\/en\/#website"},"primaryImageOfPage":{"@id":"https:\/\/demo.prima.ca\/en\/evenement\/sommet-de-la-transition-verte-et-numerique-de-la-main-doeuvre-2025\/#primaryimage"},"image":{"@id":"https:\/\/demo.prima.ca\/en\/evenement\/sommet-de-la-transition-verte-et-numerique-de-la-main-doeuvre-2025\/#primaryimage"},"thumbnailUrl":"https:\/\/demo.prima.ca\/wp-content\/uploads\/2024\/10\/sommet-transition-verte.png","datePublished":"2024-10-31T17:55:35+00:00","dateModified":"2025-01-14T20:29:48+00:00","breadcrumb":{"@id":"https:\/\/demo.prima.ca\/en\/evenement\/sommet-de-la-transition-verte-et-numerique-de-la-main-doeuvre-2025\/#breadcrumb"},"inLanguage":"en-US","potentialAction":[{"@type":"ReadAction","target":["https:\/\/demo.prima.ca\/en\/evenement\/sommet-de-la-transition-verte-et-numerique-de-la-main-doeuvre-2025\/"]}]},{"@type":"ImageObject","inLanguage":"en-US","@id":"https:\/\/demo.prima.ca\/en\/evenement\/sommet-de-la-transition-verte-et-numerique-de-la-main-doeuvre-2025\/#primaryimage","url":"https:\/\/demo.prima.ca\/wp-content\/uploads\/2024\/10\/sommet-transition-verte.png","contentUrl":"https:\/\/demo.prima.ca\/wp-content\/uploads\/2024\/10\/sommet-transition-verte.png","width":992,"height":554},{"@type":"BreadcrumbList","@id":"https:\/\/demo.prima.ca\/en\/evenement\/sommet-de-la-transition-verte-et-numerique-de-la-main-doeuvre-2025\/#breadcrumb","itemListElement":[{"@type":"ListItem","position":1,"name":"Accueil","item":"https:\/\/demo.prima.ca\/en\/"},{"@type":"ListItem","position":2,"name":"Events","item":"https:\/\/demo.prima.ca\/en\/evenements\/"},{"@type":"ListItem","position":3,"name":"Sommet de la transition verte et num\u00e9rique de la main-d\u2019\u0153uvre 2025"}]},{"@type":"WebSite","@id":"https:\/\/demo.prima.ca\/en\/#website","url":"https:\/\/demo.prima.ca\/en\/","name":"PRIMA Qu\u00e9bec","description":"Advanced Materials Moving Forward","publisher":{"@id":"https:\/\/demo.prima.ca\/en\/#organization"},"potentialAction":[{"@type":"SearchAction","target":{"@type":"EntryPoint","urlTemplate":"https:\/\/demo.prima.ca\/en\/?s={search_term_string}"},"query-input":{"@type":"PropertyValueSpecification","valueRequired":true,"valueName":"search_term_string"}}],"inLanguage":"en-US"},{"@type":"Organization","@id":"https:\/\/demo.prima.ca\/en\/#organization","name":"PRIMA Qu\u00e9bec","url":"https:\/\/demo.prima.ca\/en\/","logo":{"@type":"ImageObject","inLanguage":"en-US","@id":"https:\/\/demo.prima.ca\/en\/#\/schema\/logo\/image\/","url":"https:\/\/demo.prima.ca\/wp-content\/uploads\/2020\/03\/logo-prima-large-fr.png","contentUrl":"https:\/\/demo.prima.ca\/wp-content\/uploads\/2020\/03\/logo-prima-large-fr.png","width":1200,"height":357,"caption":"PRIMA Qu\u00e9bec"},"image":{"@id":"https:\/\/demo.prima.ca\/en\/#\/schema\/logo\/image\/"},"sameAs":["https:\/\/x.com\/primaquebec","https:\/\/www.linkedin.com\/company\/prima-quebec\/"]}]}},"_links":{"self":[{"href":"https:\/\/demo.prima.ca\/en\/wp-json\/wp\/v2\/tribe_events\/11200","targetHints":{"allow":["GET"]}}],"collection":[{"href":"https:\/\/demo.prima.ca\/en\/wp-json\/wp\/v2\/tribe_events"}],"about":[{"href":"https:\/\/demo.prima.ca\/en\/wp-json\/wp\/v2\/types\/tribe_events"}],"author":[{"embeddable":true,"href":"https:\/\/demo.prima.ca\/en\/wp-json\/wp\/v2\/users\/219"}],"version-history":[{"count":1,"href":"https:\/\/demo.prima.ca\/en\/wp-json\/wp\/v2\/tribe_events\/11200\/revisions"}],"predecessor-version":[{"id":11626,"href":"https:\/\/demo.prima.ca\/en\/wp-json\/wp\/v2\/tribe_events\/11200\/revisions\/11626"}],"wp:featuredmedia":[{"embeddable":true,"href":"https:\/\/demo.prima.ca\/en\/wp-json\/wp\/v2\/media\/11197"}],"wp:attachment":[{"href":"https:\/\/demo.prima.ca\/en\/wp-json\/wp\/v2\/media?parent=11200"}],"wp:term":[{"taxonomy":"post_tag","embeddable":true,"href":"https:\/\/demo.prima.ca\/en\/wp-json\/wp\/v2\/tags?post=11200"},{"taxonomy":"tribe_events_cat","embeddable":true,"href":"https:\/\/demo.prima.ca\/en\/wp-json\/wp\/v2\/tribe_events_cat?post=11200"}],"curies":[{"name":"wp","href":"https:\/\/api.w.org\/{rel}","templated":true}]}}