{"id":2311,"date":"2020-03-19T11:12:58","date_gmt":"2020-03-19T15:12:58","guid":{"rendered":"https:\/\/www.prima.ca\/evenement\/36th-international-conference-of-the-polymer-processing-society\/"},"modified":"2020-04-08T16:41:30","modified_gmt":"2020-04-08T20:41:30","slug":"36th-international-conference-of-the-polymer-processing-society","status":"publish","type":"tribe_events","link":"https:\/\/demo.prima.ca\/en\/evenement\/36th-international-conference-of-the-polymer-processing-society\/","title":{"rendered":"36th International Conference of the Polymer Processing Society"},"content":{"rendered":"<div id=\"content\" class=\"column\" role=\"main\">\n<div class=\"wrapper_content\">\n<div class=\"ds-1col node node-evenement view-mode-full clearfix\">\n<div class=\"field field-name-body field-type-text-with-summary field-label-hidden\">\n<div class=\"field-items\">\n<div class=\"field-item even\">\n<p>La conf\u00e9rence aura lieu \u00e0 Montr\u00e9al du 31 mai au 4 juin 2020 au Centre Sheraton Montr\u00e9al et propose des colloques du traitement des polym\u00e8res au recyclage et \u00e0 la durabilit\u00e9.\u00a0 R\u00e9seautage et participation \u00e0 des discussions des d\u00e9fis mondiaux auxquels le domaine de l\u2019ing\u00e9nierie des polym\u00e8res est confront\u00e9.\u00a0 Consultez le\u00a0<strong><a href=\"https:\/\/www.polymtl.ca\/pps-36\/en\" target=\"_blank\" rel=\"noopener noreferrer\">site WEB<\/a><\/strong>.<\/p>\n<\/div>\n<\/div>\n<\/div>\n<\/div>\n<\/div>\n<\/div>\n<aside class=\"sidebar_second\">\n<section class=\"region region-sidebar-second column sidebar\">\n<div id=\"block-block-5\" class=\"block block-block block-become-membre first odd\"><\/div>\n<\/section>\n<\/aside>\n","protected":false},"excerpt":{"rendered":"<p>La conf\u00e9rence aura lieu \u00e0 Montr\u00e9al du 31 mai au 4 juin 2020 au Centre Sheraton Montr\u00e9al et propose des colloques du traitement des polym\u00e8res au recyclage et \u00e0 la [&hellip;]<\/p>\n","protected":false},"author":1,"featured_media":1867,"template":"","meta":{"_et_pb_use_builder":"","_et_pb_old_content":"","_et_gb_content_width":"","_tribe_events_status":"","_tribe_events_status_reason":"","footnotes":""},"tags":[],"tribe_events_cat":[],"class_list":["post-2311","tribe_events","type-tribe_events","status-publish","has-post-thumbnail","hentry"],"acf":[],"yoast_head":"<!-- This site is optimized with the Yoast SEO plugin v27.1.1 - https:\/\/yoast.com\/product\/yoast-seo-wordpress\/ -->\n<title>36th International Conference of the Polymer Processing Society | PRIMA Qu\u00e9bec<\/title>\n<meta name=\"robots\" content=\"noindex, follow, max-snippet:-1, max-image-preview:large, max-video-preview:-1\" \/>\n<meta property=\"og:locale\" content=\"en_US\" \/>\n<meta property=\"og:type\" content=\"article\" \/>\n<meta property=\"og:title\" content=\"36th International Conference of the Polymer Processing Society | PRIMA Qu\u00e9bec\" \/>\n<meta property=\"og:description\" content=\"La conf\u00e9rence aura lieu \u00e0 Montr\u00e9al du 31 mai au 4 juin 2020 au Centre Sheraton Montr\u00e9al et propose des colloques du traitement des polym\u00e8res au recyclage et \u00e0 la [&hellip;]\" \/>\n<meta property=\"og:url\" content=\"https:\/\/demo.prima.ca\/en\/evenement\/36th-international-conference-of-the-polymer-processing-society\/\" \/>\n<meta property=\"og:site_name\" content=\"PRIMA Qu\u00e9bec\" \/>\n<meta property=\"article:modified_time\" content=\"2020-04-08T20:41:30+00:00\" \/>\n<meta property=\"og:image\" content=\"https:\/\/demo.prima.ca\/wp-content\/uploads\/2020\/03\/pps36_accueiltemporaire_2.jpg\" \/>\n\t<meta property=\"og:image:width\" content=\"788\" \/>\n\t<meta property=\"og:image:height\" content=\"370\" \/>\n\t<meta property=\"og:image:type\" content=\"image\/jpeg\" \/>\n<meta name=\"twitter:card\" content=\"summary_large_image\" \/>\n<meta name=\"twitter:site\" content=\"@primaquebec\" \/>\n<script type=\"application\/ld+json\" class=\"yoast-schema-graph\">{\"@context\":\"https:\/\/schema.org\",\"@graph\":[{\"@type\":\"WebPage\",\"@id\":\"https:\/\/demo.prima.ca\/en\/evenement\/36th-international-conference-of-the-polymer-processing-society\/\",\"url\":\"https:\/\/demo.prima.ca\/en\/evenement\/36th-international-conference-of-the-polymer-processing-society\/\",\"name\":\"36th International Conference of the Polymer Processing Society | PRIMA Qu\u00e9bec\",\"isPartOf\":{\"@id\":\"https:\/\/demo.prima.ca\/en\/#website\"},\"primaryImageOfPage\":{\"@id\":\"https:\/\/demo.prima.ca\/en\/evenement\/36th-international-conference-of-the-polymer-processing-society\/#primaryimage\"},\"image\":{\"@id\":\"https:\/\/demo.prima.ca\/en\/evenement\/36th-international-conference-of-the-polymer-processing-society\/#primaryimage\"},\"thumbnailUrl\":\"https:\/\/demo.prima.ca\/wp-content\/uploads\/2020\/03\/pps36_accueiltemporaire_2.jpg\",\"datePublished\":\"2020-03-19T15:12:58+00:00\",\"dateModified\":\"2020-04-08T20:41:30+00:00\",\"breadcrumb\":{\"@id\":\"https:\/\/demo.prima.ca\/en\/evenement\/36th-international-conference-of-the-polymer-processing-society\/#breadcrumb\"},\"inLanguage\":\"en-US\",\"potentialAction\":[{\"@type\":\"ReadAction\",\"target\":[\"https:\/\/demo.prima.ca\/en\/evenement\/36th-international-conference-of-the-polymer-processing-society\/\"]}]},{\"@type\":\"ImageObject\",\"inLanguage\":\"en-US\",\"@id\":\"https:\/\/demo.prima.ca\/en\/evenement\/36th-international-conference-of-the-polymer-processing-society\/#primaryimage\",\"url\":\"https:\/\/demo.prima.ca\/wp-content\/uploads\/2020\/03\/pps36_accueiltemporaire_2.jpg\",\"contentUrl\":\"https:\/\/demo.prima.ca\/wp-content\/uploads\/2020\/03\/pps36_accueiltemporaire_2.jpg\",\"width\":788,\"height\":370},{\"@type\":\"BreadcrumbList\",\"@id\":\"https:\/\/demo.prima.ca\/en\/evenement\/36th-international-conference-of-the-polymer-processing-society\/#breadcrumb\",\"itemListElement\":[{\"@type\":\"ListItem\",\"position\":1,\"name\":\"Accueil\",\"item\":\"https:\/\/demo.prima.ca\/en\/\"},{\"@type\":\"ListItem\",\"position\":2,\"name\":\"Events\",\"item\":\"https:\/\/demo.prima.ca\/en\/evenements\/\"},{\"@type\":\"ListItem\",\"position\":3,\"name\":\"36th International Conference of the Polymer Processing Society\"}]},{\"@type\":\"WebSite\",\"@id\":\"https:\/\/demo.prima.ca\/en\/#website\",\"url\":\"https:\/\/demo.prima.ca\/en\/\",\"name\":\"PRIMA Qu\u00e9bec\",\"description\":\"Advanced Materials Moving Forward\",\"publisher\":{\"@id\":\"https:\/\/demo.prima.ca\/en\/#organization\"},\"potentialAction\":[{\"@type\":\"SearchAction\",\"target\":{\"@type\":\"EntryPoint\",\"urlTemplate\":\"https:\/\/demo.prima.ca\/en\/?s={search_term_string}\"},\"query-input\":{\"@type\":\"PropertyValueSpecification\",\"valueRequired\":true,\"valueName\":\"search_term_string\"}}],\"inLanguage\":\"en-US\"},{\"@type\":\"Organization\",\"@id\":\"https:\/\/demo.prima.ca\/en\/#organization\",\"name\":\"PRIMA Qu\u00e9bec\",\"url\":\"https:\/\/demo.prima.ca\/en\/\",\"logo\":{\"@type\":\"ImageObject\",\"inLanguage\":\"en-US\",\"@id\":\"https:\/\/demo.prima.ca\/en\/#\/schema\/logo\/image\/\",\"url\":\"https:\/\/demo.prima.ca\/wp-content\/uploads\/2020\/03\/logo-prima-large-fr.png\",\"contentUrl\":\"https:\/\/demo.prima.ca\/wp-content\/uploads\/2020\/03\/logo-prima-large-fr.png\",\"width\":1200,\"height\":357,\"caption\":\"PRIMA Qu\u00e9bec\"},\"image\":{\"@id\":\"https:\/\/demo.prima.ca\/en\/#\/schema\/logo\/image\/\"},\"sameAs\":[\"https:\/\/x.com\/primaquebec\",\"https:\/\/www.linkedin.com\/company\/prima-quebec\/\"]}]}<\/script>\n<!-- \/ Yoast SEO plugin. -->","yoast_head_json":{"title":"36th International Conference of the Polymer Processing Society | PRIMA Qu\u00e9bec","robots":{"index":"noindex","follow":"follow","max-snippet":"max-snippet:-1","max-image-preview":"max-image-preview:large","max-video-preview":"max-video-preview:-1"},"og_locale":"en_US","og_type":"article","og_title":"36th International Conference of the Polymer Processing Society | PRIMA Qu\u00e9bec","og_description":"La conf\u00e9rence aura lieu \u00e0 Montr\u00e9al du 31 mai au 4 juin 2020 au Centre Sheraton Montr\u00e9al et propose des colloques du traitement des polym\u00e8res au recyclage et \u00e0 la [&hellip;]","og_url":"https:\/\/demo.prima.ca\/en\/evenement\/36th-international-conference-of-the-polymer-processing-society\/","og_site_name":"PRIMA Qu\u00e9bec","article_modified_time":"2020-04-08T20:41:30+00:00","og_image":[{"width":788,"height":370,"url":"https:\/\/demo.prima.ca\/wp-content\/uploads\/2020\/03\/pps36_accueiltemporaire_2.jpg","type":"image\/jpeg"}],"twitter_card":"summary_large_image","twitter_site":"@primaquebec","schema":{"@context":"https:\/\/schema.org","@graph":[{"@type":"WebPage","@id":"https:\/\/demo.prima.ca\/en\/evenement\/36th-international-conference-of-the-polymer-processing-society\/","url":"https:\/\/demo.prima.ca\/en\/evenement\/36th-international-conference-of-the-polymer-processing-society\/","name":"36th International Conference of the Polymer Processing Society | PRIMA Qu\u00e9bec","isPartOf":{"@id":"https:\/\/demo.prima.ca\/en\/#website"},"primaryImageOfPage":{"@id":"https:\/\/demo.prima.ca\/en\/evenement\/36th-international-conference-of-the-polymer-processing-society\/#primaryimage"},"image":{"@id":"https:\/\/demo.prima.ca\/en\/evenement\/36th-international-conference-of-the-polymer-processing-society\/#primaryimage"},"thumbnailUrl":"https:\/\/demo.prima.ca\/wp-content\/uploads\/2020\/03\/pps36_accueiltemporaire_2.jpg","datePublished":"2020-03-19T15:12:58+00:00","dateModified":"2020-04-08T20:41:30+00:00","breadcrumb":{"@id":"https:\/\/demo.prima.ca\/en\/evenement\/36th-international-conference-of-the-polymer-processing-society\/#breadcrumb"},"inLanguage":"en-US","potentialAction":[{"@type":"ReadAction","target":["https:\/\/demo.prima.ca\/en\/evenement\/36th-international-conference-of-the-polymer-processing-society\/"]}]},{"@type":"ImageObject","inLanguage":"en-US","@id":"https:\/\/demo.prima.ca\/en\/evenement\/36th-international-conference-of-the-polymer-processing-society\/#primaryimage","url":"https:\/\/demo.prima.ca\/wp-content\/uploads\/2020\/03\/pps36_accueiltemporaire_2.jpg","contentUrl":"https:\/\/demo.prima.ca\/wp-content\/uploads\/2020\/03\/pps36_accueiltemporaire_2.jpg","width":788,"height":370},{"@type":"BreadcrumbList","@id":"https:\/\/demo.prima.ca\/en\/evenement\/36th-international-conference-of-the-polymer-processing-society\/#breadcrumb","itemListElement":[{"@type":"ListItem","position":1,"name":"Accueil","item":"https:\/\/demo.prima.ca\/en\/"},{"@type":"ListItem","position":2,"name":"Events","item":"https:\/\/demo.prima.ca\/en\/evenements\/"},{"@type":"ListItem","position":3,"name":"36th International Conference of the Polymer Processing Society"}]},{"@type":"WebSite","@id":"https:\/\/demo.prima.ca\/en\/#website","url":"https:\/\/demo.prima.ca\/en\/","name":"PRIMA Qu\u00e9bec","description":"Advanced Materials Moving Forward","publisher":{"@id":"https:\/\/demo.prima.ca\/en\/#organization"},"potentialAction":[{"@type":"SearchAction","target":{"@type":"EntryPoint","urlTemplate":"https:\/\/demo.prima.ca\/en\/?s={search_term_string}"},"query-input":{"@type":"PropertyValueSpecification","valueRequired":true,"valueName":"search_term_string"}}],"inLanguage":"en-US"},{"@type":"Organization","@id":"https:\/\/demo.prima.ca\/en\/#organization","name":"PRIMA Qu\u00e9bec","url":"https:\/\/demo.prima.ca\/en\/","logo":{"@type":"ImageObject","inLanguage":"en-US","@id":"https:\/\/demo.prima.ca\/en\/#\/schema\/logo\/image\/","url":"https:\/\/demo.prima.ca\/wp-content\/uploads\/2020\/03\/logo-prima-large-fr.png","contentUrl":"https:\/\/demo.prima.ca\/wp-content\/uploads\/2020\/03\/logo-prima-large-fr.png","width":1200,"height":357,"caption":"PRIMA Qu\u00e9bec"},"image":{"@id":"https:\/\/demo.prima.ca\/en\/#\/schema\/logo\/image\/"},"sameAs":["https:\/\/x.com\/primaquebec","https:\/\/www.linkedin.com\/company\/prima-quebec\/"]}]}},"_links":{"self":[{"href":"https:\/\/demo.prima.ca\/en\/wp-json\/wp\/v2\/tribe_events\/2311","targetHints":{"allow":["GET"]}}],"collection":[{"href":"https:\/\/demo.prima.ca\/en\/wp-json\/wp\/v2\/tribe_events"}],"about":[{"href":"https:\/\/demo.prima.ca\/en\/wp-json\/wp\/v2\/types\/tribe_events"}],"author":[{"embeddable":true,"href":"https:\/\/demo.prima.ca\/en\/wp-json\/wp\/v2\/users\/1"}],"version-history":[{"count":0,"href":"https:\/\/demo.prima.ca\/en\/wp-json\/wp\/v2\/tribe_events\/2311\/revisions"}],"wp:featuredmedia":[{"embeddable":true,"href":"https:\/\/demo.prima.ca\/en\/wp-json\/wp\/v2\/media\/1867"}],"wp:attachment":[{"href":"https:\/\/demo.prima.ca\/en\/wp-json\/wp\/v2\/media?parent=2311"}],"wp:term":[{"taxonomy":"post_tag","embeddable":true,"href":"https:\/\/demo.prima.ca\/en\/wp-json\/wp\/v2\/tags?post=2311"},{"taxonomy":"tribe_events_cat","embeddable":true,"href":"https:\/\/demo.prima.ca\/en\/wp-json\/wp\/v2\/tribe_events_cat?post=2311"}],"curies":[{"name":"wp","href":"https:\/\/api.w.org\/{rel}","templated":true}]}}